{"id":56,"date":"2014-03-08T11:49:08","date_gmt":"2014-03-08T10:49:08","guid":{"rendered":"http:\/\/www.uaba-opatija.hr\/?page_id=56"},"modified":"2014-05-09T12:21:43","modified_gmt":"2014-05-09T11:21:43","slug":"memento","status":"publish","type":"page","link":"http:\/\/www.uaba-opatija.hr\/index.php\/memento\/","title":{"rendered":"Memento"},"content":{"rendered":"<p>2013: prezentacija teme &#8211; \u017dIDOVI U OPATIJI<\/p>\n<p>I ove smo se godine na\u0161li da MEMENTU.<\/p>\n<p>Udruga antifa\u0161isti\u010dkih boraca i antifa\u0161ista Grada Opatije i opatijska Gimnazija Eugen Kumi\u010di\u0107 pred pet su godina osmislili projekt kojim \u0107e svake godine obilje\u017eavati 27.sije\u010danj &#8211; Me\u0111unarodni dan sje\u0107anja na Holokaust.<\/p>\n<p>Dan nije odabran proizvoljno. Toga je dana naime, 1945 godine, Crvena Armija oslobodila Auschwitz &#8211; nacisti\u010dki logor smrti, koji je zbog u njemu po\u010dinjenih svireposti i zvjerstava postao sinonim za Holokaust.<\/p>\n<p>Osobitost Auschwitza je u tome \u0161to je sa svojim filijalama Birkenau i Monovice bio najve\u0107i i najkapacitiraniji koncentracioni logor u logorima bogatoj riznici Njema\u010dkog Tre\u0107eg Reicha.<br \/>\nDnevno je u njemu moglo boraviti i do 100.000 uznika. Shodno tome Auschwitz je i logor u kojem je stradao najve\u0107i broj zatvorenika &#8211; njih milion i pol. A da bi to bilo fizi\u010dki izvedivo Himler, Eichmann i dru\u0161tvo osmislili su prvi put u povijesti industrijsku proizvodnju smrti.<br \/>\nTime su po\u010deli sprovoditi svoj projekt &#8220;Kona\u010dno rje\u0161enje&#8221; koji se odnosio prvenstveno na sistematsko uni\u0161tavanje \u017didova.<\/p>\n<p>Za Drugog svjetskog rata u Holokaustu su stradali najvi\u0161e \u017didovi, ali i drugi, poput slavena, nearijevaca, roma i antifa\u0161ista. Svi oni nisu bili imuni na nacisti\u010dke progone i posljedice koje su iz toga proizlazile.<br \/>\nTada\u0161nja Opatija ili Abbazia kako se na\u0161 grad zvao nakon Rapalskog ugovora iz po\u010detaka dvadesetih godina pro\u0161log stolje\u0107a i tada\u0161nje talijanske fa\u0161isti\u010dke okupacije obilovao je takvom populacijom.<\/p>\n<p>I upravo sudbinom opatijskih \u017didova nau\u010dno se bavila profesorica Sanja Simper, pa smo, potaknuti njenim dostignu\u0107ima \u017eeljeli ista podijeliti sa vama svima. Shodno tome, koje li pogodnije prilike za to od ovogodi\u0161njeg Mementa . Stoga smo osnovnom temom dana\u0161njeg skupa proglasili &#8220;\u017didovi u Opatiji&#8221; i zamolili smo doktoricu Simper da nas upozna sa njenim spoznajama o tome&#8230;<\/p>\n<p>Opatija, 25.1.2013.<\/p>\n<p>_____________________________________________________________<br \/>\nUABA GRADA OPATIJE<br \/>\nOpatija, Nazorova 1<\/p>\n<p>&nbsp;<\/p>\n<p>Predmet: Obavijest i pozivnica za medije i sl.<br \/>\nOpatijska Udruga antifa\u0161ista u suradnji sa opatijskom Gimnazijom &#8220;Eugen Kumi\u010di\u0107&#8221; povodom Me\u0111unarodnog Dana Holokausta organizira za sve opatijske srednjo\u0161kolce, a i gra\u0111ani su dobro do\u0161li, prigodni performans pod nazivom, kao i pro\u0161lih godina &#8211;<br \/>\nM E M E N T O<\/p>\n<p>Opatija, Vila Antonio, petak 27.01.2012. u 12:00<\/p>\n<p>ovogodi\u0161nja tema: Prijenos ratne traume<br \/>\nsudjeluju:<br \/>\nSonja Smajla i prof. Robert Matija\u0161i\u0107 iz Pule, te Edo Ter\u010di\u0107 iz Opatije (djeca<br \/>\nroditelja proganjanih u Drugom svjetskom ratu)<br \/>\nmoderator: prof.Tatjana Mateti\u0107<br \/>\nUveli\u010dajte skup svojim dolaskom&#8230;<br \/>\nSrda\u010dan pozdrav<br \/>\nOleg Mandi\u0107, peredsjednik<\/p>\n<p>Opatija, 23.01.2012.<\/p>\n","protected":false},"excerpt":{"rendered":"<p>2013: prezentacija teme &#8211; \u017dIDOVI U OPATIJI I ove smo se godine na\u0161li da MEMENTU. Udruga antifa\u0161isti\u010dkih boraca i antifa\u0161ista Grada Opatije i opatijska Gimnazija Eugen Kumi\u010di\u0107 pred pet su godina osmislili projekt kojim \u0107e svake godine obilje\u017eavati 27.sije\u010danj &#8211; Me\u0111unarodni dan sje\u0107anja na Holokaust. Dan nije odabran proizvoljno. Toga je dana naime, 1945 godine, &hellip; <\/p>\n<p class=\"link-more\"><a href=\"http:\/\/www.uaba-opatija.hr\/index.php\/memento\/\" class=\"more-link\">Nastavi \u010ditati<span class=\"screen-reader-text\"> &#8220;Memento&#8221;<\/span><\/a><\/p>\n","protected":false},"author":1,"featured_media":0,"parent":0,"menu_order":0,"comment_status":"closed","ping_status":"open","template":"","meta":{"_monsterinsights_skip_tracking":false,"_monsterinsights_sitenote_active":false,"_monsterinsights_sitenote_note":"","_monsterinsights_sitenote_category":0,"footnotes":""},"class_list":["post-56","page","type-page","status-publish","hentry"],"_links":{"self":[{"href":"http:\/\/www.uaba-opatija.hr\/index.php\/wp-json\/wp\/v2\/pages\/56","targetHints":{"allow":["GET"]}}],"collection":[{"href":"http:\/\/www.uaba-opatija.hr\/index.php\/wp-json\/wp\/v2\/pages"}],"about":[{"href":"http:\/\/www.uaba-opatija.hr\/index.php\/wp-json\/wp\/v2\/types\/page"}],"author":[{"embeddable":true,"href":"http:\/\/www.uaba-opatija.hr\/index.php\/wp-json\/wp\/v2\/users\/1"}],"replies":[{"embeddable":true,"href":"http:\/\/www.uaba-opatija.hr\/index.php\/wp-json\/wp\/v2\/comments?post=56"}],"version-history":[{"count":2,"href":"http:\/\/www.uaba-opatija.hr\/index.php\/wp-json\/wp\/v2\/pages\/56\/revisions"}],"predecessor-version":[{"id":121,"href":"http:\/\/www.uaba-opatija.hr\/index.php\/wp-json\/wp\/v2\/pages\/56\/revisions\/121"}],"wp:attachment":[{"href":"http:\/\/www.uaba-opatija.hr\/index.php\/wp-json\/wp\/v2\/media?parent=56"}],"curies":[{"name":"wp","href":"https:\/\/api.w.org\/{rel}","templated":true}]}}